{"id":457,"date":"2017-07-28T23:48:50","date_gmt":"2017-07-28T21:48:50","guid":{"rendered":"http:\/\/www.ilventonews.it\/wordpress\/?page_id=457"},"modified":"2026-08-05T21:53:56","modified_gmt":"2026-08-05T19:53:56","slug":"articoli","status":"publish","type":"page","link":"https:\/\/www.ilventonews.it\/wordpress\/articoli\/","title":{"rendered":"Compilation Migliori Articoli"},"content":{"rendered":"<p style=\"text-align: center;\"><strong>Avanti Online<\/strong><\/p>\n<p style=\"text-align: center;\"><a href=\"https:\/\/avantionline.it\/con-la-schiena-dritta-il-ricordo-di-giancarlo-siani-in-un-libro-clessidra\/\" target=\"_blank\" rel=\"noopener\">Con la schiena dritta, il ricordo di Giancarlo Siani<\/a><\/p>\n<p style=\"text-align: center;\"><a href=\"https:\/\/avantionline.it\/san-marino-italia-e-ue-amicizia-sovranita-e-cooperazione-internazionale\/\" target=\"_blank\" rel=\"noopener\">San Marino, Italia e UE: amicizia, sovranit\u00e0 e cooperazione<\/a><\/p>\n<p style=\"text-align: center;\"><a href=\"https:\/\/avantionline.it\/liberta-di-stampa-litalia-non-e-un-paese-per-giornalisti\/\" target=\"_blank\" rel=\"noopener\">Libert\u00e0 di stampa; l&#8217;Italia non \u00e8 un Paese per giornalisti<\/a><\/p>\n<p style=\"text-align: center;\"><a href=\"https:\/\/avantionline.it\/socialismo-negli-anni-80-e-quel-kim-il-sung-che-apprezzava-il-psi\/\" target=\"_blank\" rel=\"noopener\">Socialismo negli anni &#8217;80 e quel Kim Il Sung che apprezzava il PSI<\/a><\/p>\n<p style=\"text-align: center;\"><a href=\"https:\/\/avantionline.it\/1977-quando-psi-e-psoe-sincontrarono-al-festival-dellavanti-a-venezia\/\" target=\"_blank\" rel=\"noopener\">1977: quando PSI e PSOE s&#8217;incontrarono al Festival dell&#8217;Avanti a Venezia<\/a><\/p>\n<p style=\"text-align: center;\"><a href=\"https:\/\/avantionline.it\/socialismo-senza-frontiere-un-italiano-nel-psoe-di-vallecas-il-quartiere-operaio-di-madrid\/\" target=\"_blank\" rel=\"noopener\">Socialismo senza frontiere: un italiano nel PSOE di Vallecas<\/a><\/p>\n<hr>\n<p style=\"text-align: center;\"><strong>La Voce d&#8217;Italia<\/strong><\/p>\n<p style=\"text-align: center;\"><a href=\"https:\/\/lavoceditalia.com\/2024\/12\/02\/727697\/calcio-e-solidarieta-le-tifoserie-italiane-di-madrid-unite-in-una-serata-benefica-a-sostegno-dellassociazione-oncologica-asion\/\" target=\"_blank\" rel=\"noopener\">Calcio e solidariet\u00e0, le tifoserie italiane a Madrid unite in una serata benefica<\/a><\/p>\n<p class=\"entry-title\" style=\"text-align: center;\"><a href=\"https:\/\/lavoceditalia.com\/2024\/07\/29\/718390\/museo-lazaro-galdiano-una-verdadera-joya-oculta-en-el-centro-de-madrid\/\" target=\"_blank\" rel=\"noopener\">Museo L\u00e1zaro Galdiano, una verdadera joya oculta en el centro de Madrid<\/a><\/p>\n<p class=\"entry-title\" style=\"text-align: center;\"><a href=\"https:\/\/lavoceditalia.com\/2024\/07\/15\/717462\/el-escenario-de-la-ilusion-asi-alcala-de-henares-abrio-sus-puertas-a-las-maquinas-escenicas-del-teatro-barroco\/\" target=\"_blank\" rel=\"noopener\">El escenario de la ilusi\u00f3n: as\u00ed Alcal\u00e1 de Henares abri\u00f3 sus puertas a las m\u00e1quinas esc\u00e9nicas del teatro<\/a><\/p>\n<p class=\"entry-title\" style=\"text-align: center;\"><a href=\"https:\/\/lavoceditalia.com\/2024\/04\/30\/712707\/xli-feria-del-libro-de-alcala-de-henares-plaza-de-cervantes-se-llena-de-libros\/\" target=\"_blank\" rel=\"noopener\">XLI Feria del Libro de Alcal\u00e1 de Henares, Plaza de Cervantes se llena de libros<\/a><\/p>\n<p style=\"text-align: center;\"><a href=\"https:\/\/lavoceditalia.com\/2024\/03\/26\/710748\/alcala-de-henares-la-maravilla-del-jardin-ilustrado-de-marta-chirino\/\" target=\"_blank\" rel=\"noopener\">Alcal\u00e1 de Henares, la maravilla del &#8220;jard\u00edn ilustrado&#8221; de Marta Chirino<\/a><\/p>\n<p style=\"text-align: center;\"><a href=\"https:\/\/lavoceditalia.com\/2023\/04\/28\/690366\/natale-di-roma-la-comunita-italiana-di-madrid-ha-celebrato-i-2776-anni-della-citta-eterna\/\" target=\"_blank\" rel=\"noopener\">Natale di Roma, la comunit\u00e0 italiana di Madrid celebra i 2776 anni della Citt\u00e0 Eterna<\/a><\/p>\n<p style=\"text-align: center;\"><a href=\"https:\/\/lavoceditalia.com\/2024\/12\/09\/728332\/musical-impro-un-rincon-de-magia-teatral-en-el-corazon-de-madrid\/\" target=\"_blank\" rel=\"noopener\">Musical Impro, una magia teatral en Madrid<\/a><\/p>\n<p style=\"text-align: center;\"><a href=\"https:\/\/lavoceditalia.com\/2024\/09\/27\/722801\/jano-medio-siglo-de-carteles-e-ilustracion-el-homenaje-de-madrid-al-gran-ilustrador-del-siglo-pasado\/\" target=\"_blank\" rel=\"noopener\">Jano, medio siglo de carteles e ilustraci\u00f3n&nbsp;<\/a><\/p>\n<hr>\n<p style=\"text-align: center;\"><strong>L&#8217;Araldo della lingua e cultura italiana nel mondo<\/strong><\/p>\n<p style=\"text-align: center;\"><a href=\"https:\/\/www.ilventonews.it\/wordpress\/wp-content\/uploads\/2024\/04\/LAraldo-Edizione-aprile-2024.pdf\" target=\"_blank\" rel=\"noopener\">Romics XXXII celebra l&#8217;85\u00ba anniversario di Batman<\/a><\/p>\n<p style=\"text-align: center;\"><a href=\"https:\/\/www.ilventonews.it\/wordpress\/wp-content\/uploads\/2024\/03\/LAraldo-Edizione-marzo-2024.pdf\" target=\"_blank\" rel=\"noopener\">Coffee Fest, in scena a Madrid l&#8217;arte del caff\u00e8<\/a><\/p>\n<p style=\"text-align: center;\"><a href=\"https:\/\/www.ilventonews.it\/wordpress\/wp-content\/uploads\/2024\/02\/LAraldo-Edizione-febbraio-2024.pdf\" target=\"_blank\" rel=\"noopener\">Fitur 2024: in Europa bene Portogallo e Paesi nordici, delude l&#8217;Italia<\/a><\/p>\n<p style=\"text-align: center;\"><a href=\"https:\/\/www.ilventonews.it\/wordpress\/wp-content\/uploads\/2023\/12\/LAraldo-Edizione-dicembre-2023.pdf\" target=\"_blank\" rel=\"noopener\">Palabras de viajeros, a Madrid una mostra sui viaggi letterari<\/a><\/p>\n<p style=\"text-align: center;\"><a href=\"https:\/\/www.ilventonews.it\/wordpress\/wp-content\/uploads\/2023\/11\/LAraldo-Edizione-novembre-2023.pdf\" target=\"_blank\" rel=\"noopener\">El Muro de Berl\u00edn, la mostra di Madrid sulla Guerra Fredda<\/a><\/p>\n<p style=\"text-align: center;\"><a href=\"https:\/\/www.ilventonews.it\/wordpress\/wp-content\/uploads\/2023\/10\/LAraldo-Edizione-ottobre-2023.pdf\" target=\"_blank\" rel=\"noopener\">Nel museo olimpico di Barcellona c&#8217;\u00e9 anche uno spicchio di Italia<\/a><\/p>\n<p style=\"text-align: center;\"><a href=\"https:\/\/www.ilventonews.it\/wordpress\/wp-content\/uploads\/2023\/09\/LAraldo-Edizione-settembre-2023.pdf\" target=\"_blank\" rel=\"noopener\">Gli ultimi giorni di Tarteso, mostra ad Alcal\u00e1 de Henares<\/a><\/p>\n<p style=\"text-align: center;\"><a href=\"https:\/\/www.ilventonews.it\/wordpress\/wp-content\/uploads\/2023\/07\/LAraldo-Edizione-luglio-2023.pdf\" target=\"_blank\" rel=\"noopener\">L&#8217;istante e l&#8217;eternit\u00e0 tra noi e gli antichi: mostra alle Terme di Diocleziano<\/a><\/p>\n<p style=\"text-align: center;\"><a href=\"https:\/\/www.ilventonews.it\/wordpress\/wp-content\/uploads\/2023\/06\/LAraldo-Edizione-giugno-2023.pdf\" target=\"_blank\" rel=\"noopener\">Roma, mostra di Paco D\u00edaz ad Alcal\u00e1 de Henares<\/a><\/p>\n<p style=\"text-align: center;\"><a href=\"https:\/\/www.ilventonews.it\/wordpress\/wp-content\/uploads\/2023\/05\/LAraldo-Edizione-maggio-2023.pdf\" target=\"_blank\" rel=\"noopener\">Madrid: celebrazione Natale di Roma e presentazione libro Marcello Caprarella<\/a><\/p>\n<p style=\"text-align: center;\"><a href=\"https:\/\/www.ilventonews.it\/wordpress\/wp-content\/uploads\/2023\/04\/LAraldo-Edizione-aprile-2023.pdf\" target=\"_blank\" rel=\"noopener\">Emigrantes di Aldo Fabrizi, un reportage sull&#8217;Italia postbellica<\/a><\/p>\n<p style=\"text-align: center;\"><a href=\"https:\/\/www.ilventonews.it\/wordpress\/wp-content\/uploads\/2023\/03\/LAraldo-Edizione-marzo-2023.pdf\" target=\"_blank\" rel=\"noopener\">El mar entre tierras: arte contemporanea all&#8217;IIC Madrid<\/a><\/p>\n<p style=\"text-align: center;\"><a href=\"https:\/\/www.ilventonews.it\/wordpress\/wp-content\/uploads\/2023\/02\/LAraldo-Edizione-febbraio-2023.pdf\" target=\"_blank\" rel=\"noopener\">Anche la Fiat \u00e8 nella storia delle ferrovie spagnole<\/a><\/p>\n<p style=\"text-align: center;\"><a href=\"https:\/\/www.ilventonews.it\/wordpress\/wp-content\/uploads\/2023\/02\/LAraldo-Edizione-gennaio-2023.pdf\" target=\"_blank\" rel=\"noopener\">Quando a parlare di noi espatriati era la Settimana Incom<\/a><\/p>\n<hr>\n<p style=\"text-align: center;\"><strong>Rayo Vallecano Italian Fan Club<\/strong><\/p>\n<p class=\"entry-title\" style=\"text-align: center;\"><a href=\"https:\/\/rayovallecanoitalianfanclub.wordpress.com\/2021\/11\/29\/futbol-en-blanco-y-negro-madrid-mas-alla-de-los-colores-una-mostra-fotografica-alla-scoperta-del-calcio-che-fu\/?fbclid=IwAR1H3eqK9aF6jrDkez0X4nVWfb1XXfoyZrGG3pHPZHu9vVVwOdzp6bYSvz0\" target=\"_blank\" rel=\"noopener\">\u201cF\u00fatbol en blanco y negro. Madrid m\u00e1s all\u00e1 de los colores\u201d<\/a><\/p>\n<hr>\n<p style=\"text-align: center;\"><strong><span style=\"color: #000000;\">Agenzia Comunicazione Inform<br \/>\n(politiche, attualit\u00e0 e cultura sugli italiani all&#8217;estero)<\/span><\/strong><\/p>\n<p style=\"text-align: center;\"><a href=\"https:\/\/comunicazioneinform.it\/dante-alighieri-tradizione-manoscritta-e-figurativa-della-commedia-mostra-dantesca-alla-biblioteca-nazionale-di-spagna\/\" target=\"_blank\" rel=\"noopener\">Mostra Dante Alighieri alla Biblioteca Nazionale di Spagna<\/a><\/p>\n<p style=\"text-align: center;\"><a href=\"https:\/\/comunicazioneinform.it\/campioni-deuropa-espugnato-il-tempio-del-calcio-di-wembley-litalia-vince-ai-rigori-contro-linghilterra\/\" target=\"_blank\" rel=\"noopener\">Finale Euro 2020 Italia-Inghilterra<\/a><\/p>\n<p style=\"text-align: center;\"><a href=\"https:\/\/comunicazioneinform.it\/134366-2\/\" target=\"_blank\" rel=\"noopener\">&#8220;Il mio viaggio in Inghilterra&#8221;, intervista a Ivan Ambrosio<\/a><\/p>\n<p style=\"text-align: center;\"><a href=\"https:\/\/comunicazioneinform.it\/radio-mir-intervista-allo-speaker-pietro-lunetto-una-web-radio-nata-in-belgio-nel-2020-e-gia-punto-di-riferimento-per-gli-italiani-allestero\/\" target=\"_blank\" rel=\"noopener\">Radio Mir, intervista allo speaker Pietro Lunetto<\/a><\/p>\n<p style=\"text-align: center;\"><a href=\"https:\/\/comunicazioneinform.it\/una-storia-importante-70-anni-dimmigrazione-italiana-in-belgio-e-oltre-il-direttore-generale-vignali-dgit-maeci-parla-alla-farnesina-del-libro-fumetto\/\" target=\"_blank\" rel=\"noopener noreferrer\">Una storia importante: 70 anni di emigrazione italiana in Belgio ed oltre<\/a><\/p>\n<p style=\"text-align: center;\"><a href=\"https:\/\/comunicazioneinform.it\/piccolo-festival-delle-spartenze-2020-intervista-allorganizzatore-della-kermesse-il-ricercatore-giuseppe-sommario\/\" target=\"_blank\" rel=\"noopener noreferrer\">Piccolo Festival delle Spartenze 2020, intervista al ricercatore Giuseppe Sommario<\/a><\/p>\n<p style=\"text-align: center;\"><a href=\"https:\/\/comunicazioneinform.it\/bois-du-cazier-il-ricordo-della-tragedia-nel-libro-di-emanuele-corocher-morire-a-marcinelle-presentato-dalla-sociedad-italiana-las-tres-venecias\/\" target=\"_blank\" rel=\"noopener noreferrer\">Presentazione libro di Emanuele Corocher &#8220;Morire a Marcinelle&#8221;&nbsp;<\/a><\/p>\n<p style=\"text-align: center;\"><a href=\"https:\/\/comunicazioneinform.it\/madrid-e-nata-lassociazione-culturale-la-estacion-del-arte-obiettivi-promuovere-attivita-educative-parita-di-genere-e-salvaguardia-dellambiente\/\" target=\"_blank\" rel=\"noopener noreferrer\">Madrid, nata l&#8217;Associazione Culturale &#8220;La Estaci\u00f3n del Arte&#8221;<\/a><\/p>\n<p style=\"text-align: center;\"><a href=\"https:\/\/comunicazioneinform.it\/litalia-del-pere-lachaise-presentato-a-roma-il-libro-sulle-vite-straordinarie-degli-italiani-di-francia-e-dei-francesi-ditalia\/\" target=\"_blank\" rel=\"noopener noreferrer\">Presentazione libro &#8220;L&#8217;Italia del P\u00e8re-Lachaise&#8221;<\/a><\/p>\n<p style=\"text-align: center;\"><a href=\"https:\/\/comunicazioneinform.it\/intervista-al-presidente-onorario-di-associna-marco-wong\/\" target=\"_blank\" rel=\"noopener noreferrer\">Intervista al Presidente onorario di Associna, Marco Wong<\/a><\/p>\n<p style=\"text-align: center;\"><a href=\"http:\/\/comunicazioneinform.it\/a-colloquio-con-il-segretario-generale-del-cgie-michele-schiavone\/\" target=\"_blank\" rel=\"noopener noreferrer\">Intervista al segretario generale del Cgie Michele Schiavone<\/a><\/p>\n<p style=\"text-align: center;\"><a href=\"http:\/\/comunicazioneinform.it\/alla-festa-dellunita-di-ravenna-il-dibattito-migrazione-e-percezione-presentato-il-libro-di-concetto-vecchio-cacciateli-quando-i-migranti-eravamo-noi\/\" target=\"_blank\" rel=\"noopener noreferrer\">Presentazione libro &#8220;Cacciateli, quando i migranti eravamo noi&#8221; Festa Unit\u00e0 Ravenna<\/a><\/p>\n<p style=\"text-align: center;\"><a href=\"http:\/\/comunicazioneinform.it\/intervista-al-ricercatore-giuseppe-sommario-ideatore-del-piccolo-festival-delle-spartenze-migrazioni-e-cultura\/\" target=\"_blank\" rel=\"noopener noreferrer\">Intervista a Giuseppe Sommario sul Piccolo Festival delle Spartenze 2019<\/a><\/p>\n<p style=\"text-align: center;\"><a href=\"http:\/\/comunicazioneinform.it\/presentato-al-senato-il-libro-della-fondazione-migrantes-sui-connazionali-in-australia-88-giorni-nelle-farm-australiane-un-moderno-rito-di-passaggio\/\" target=\"_blank\" rel=\"noopener noreferrer\">Presentazione libro &#8220;88 Giorni nelle Farm Australiane&#8221;<\/a><\/p>\n<p style=\"text-align: center;\"><a href=\"http:\/\/comunicazioneinform.it\/comites-di-san-marino-a-colloquio-con-il-presidente-diego-renzi-e-il-vicepresidente-alessandro-amadei\/\" target=\"_blank\" rel=\"noopener noreferrer\">Intervista al Comites di San Marino<\/a><\/p>\n<p style=\"text-align: center;\"><a href=\"http:\/\/comunicazioneinform.it\/a-colloquio-con-il-presidente-dellassociazione-san-marino-italia-andrea-negri\/\" target=\"_blank\" rel=\"noopener noreferrer\">Intervista al Presidente dell&#8217;Associazione San Marino-Italia<\/a><\/p>\n<p style=\"text-align: center;\"><a href=\"http:\/\/comunicazioneinform.it\/ambasciatore-guido-cerboni-positivi-i-rapporti-italo-sammarinesi-si-sta-lavorando-alla-revisione-della-convenzione-del-1939-di-amicizia-e-buon-vicinato-tra-italia-e-san-marino\/\" target=\"_blank\" rel=\"noopener noreferrer\">Ricevimento Ambasciata d&#8217;Italia a San Marino per la Festa della Repubblica<\/a><\/p>\n<p style=\"text-align: center;\"><a href=\"http:\/\/comunicazioneinform.it\/a-colloquio-con-la-scrittrice-chiara-ingrao\/\" target=\"_blank\" rel=\"noopener noreferrer\">Intervista alla scrittrice Chiara Ingrao sul romanzo &#8220;Migrante per sempre&#8221;<\/a><\/p>\n<p style=\"text-align: center;\"><a href=\"http:\/\/comunicazioneinform.it\/presentato-a-roma-il-romanzo-di-chiara-ingrao-migrante-per-sempre\/\" target=\"_blank\" rel=\"noopener noreferrer\">Presentazione del romanzo di Chiara Ingrao &#8220;Migrante per sempre&#8221;<\/a><\/p>\n<p style=\"text-align: center;\"><a href=\"http:\/\/comunicazioneinform.it\/rete-di-giovani-italiani-nel-mondo-chiara-prodi-connettere-questi-ragazzi-con-le-istituzioni-e-prepararli-a-un-futuro-ruolo-di-rappresentanza\/\" target=\"_blank\" rel=\"noopener noreferrer\">Intervista a Maria Chiara Prodi sul seminario dei giovani a Palermo<\/a><\/p>\n<p style=\"text-align: center;\"><a href=\"http:\/\/comunicazioneinform.it\/alla-farnesina-la-mostra-fotografica-di-riccardo-venturi-con-le-immagini-del-progetto-italiani-deuropa\/\" target=\"_blank\" rel=\"noopener noreferrer\">Intervista a Luigi Vignali sugli Italiani d&#8217;Europa<\/a><\/p>\n<p style=\"text-align: center;\"><a href=\"http:\/\/comunicazioneinform.it\/fieri-di-essere-occidentali-e-italiani-e-un-libro-che-consente-di-scoprire-sia-le-radici-della-nostra-identita-nazionale-sia-lattuale-identita-del-nostro-popolo\/\" target=\"_blank\" rel=\"noopener noreferrer\">Fieri di essere Occidentali e Italiani: intervista a Pierluigi Cascioli<\/a><\/p>\n<p style=\"text-align: center;\"><a href=\"http:\/\/comunicazioneinform.it\/alla-farnesina-la-presentazione-del-libro-e-web-documentary-italiani-di-germania\/\" target=\"_blank\" rel=\"noopener noreferrer\">Farnesina, presentazione libro e documentario Italiani di Germania<\/a><\/p>\n<p style=\"text-align: center;\"><a href=\"http:\/\/comunicazioneinform.it\/il-commento-del-direttore-generale-per-gli-italiani-allestero-del-maeci-luigi-maria-vignali\/\" target=\"_blank\" rel=\"noopener noreferrer\">Intervista al dg del Maeci Luigi Vignali su Italiani di Germania<\/a><\/p>\n<p style=\"text-align: center;\"><a href=\"http:\/\/comunicazioneinform.it\/la-consegna-dei-diplomi-di-ambasciatori-nel-mondo-di-matera-capitale-europea-della-cultura-2019\/\" target=\"_blank\" rel=\"noopener noreferrer\">CGIE, consegna dei diplomi di ambasciatori di Matera nel mondo<\/a><\/p>\n<hr>\n<p style=\"text-align: center;\"><strong>Portale sammarinese Zoomma News <\/strong><br \/>\n<strong>(storia del cinema, attualit\u00e0 e cultura)<\/strong><\/p>\n<p style=\"text-align: center;\"><a href=\"http:\/\/www.zoomma.news\/to-be-number-one-30-anni-di-italia-90\/\" target=\"_blank\" rel=\"noopener noreferrer\">To Be Number One: 30 Anni di Italia &#8217;90<\/a><\/p>\n<p style=\"text-align: center;\"><a href=\"http:\/\/www.zoomma.news\/giornata-internazionale-dello-yoga-anche-san-marino-celebra-lantica-disciplina-indiana\/\" target=\"_blank\" rel=\"noopener noreferrer\">Giornata Internazionale dello Yoga 2019 anche a San Marino<\/a><\/p>\n<p style=\"text-align: center;\"><a href=\"http:\/\/www.zoomma.news\/peppino-impastato-una-voce-libera-e-un-esempio-di-lotta-contro-tutte-le-mafie\/\" target=\"_blank\" rel=\"noopener noreferrer\">Peppino Impastato: una voce libera contro tutte le mafie<\/a><\/p>\n<p style=\"text-align: center;\"><a href=\"http:\/\/www.zoomma.news\/cinecitta-si-mostra-un-tour-nella-fabbrica-dei-sogni-da-fellini-a-scorsese\/\" target=\"_blank\" rel=\"noopener noreferrer\">Cinecitt\u00e0 si mostra: tour nella fabbrica dei sogni da Fellini a Scorsese<\/a><\/p>\n<p style=\"text-align: center;\"><a href=\"http:\/\/www.zoomma.news\/sordi-segreto-una-pubblicazione-del-centro-sperimentale-di-cinematografia-celebra-alberto-sordi\/\" target=\"_blank\" rel=\"noopener noreferrer\">Sordi segreto, una pubblicazione del CSC celebra Alberto Sordi<\/a><\/p>\n<p style=\"text-align: center;\"><a href=\"http:\/\/www.zoomma.news\/quella-volta-che-carlo-verdone-sali-sul-titano-un-anno-fa-la-sua-indimenticabile-lectio-magistralis\/\" target=\"_blank\" rel=\"noopener noreferrer\">Quella volta che Carlo Verdone sal\u00ec sul Titano<\/a><\/p>\n<p style=\"text-align: center;\"><a href=\"http:\/\/www.zoomma.news\/cristo-si-e-fermato-a-eboli-dal-libro-di-carlo-levi-al-film-di-francesco-rosi\/\" target=\"_blank\" rel=\"noopener noreferrer\">Cristo si \u00e8 fermato a Eboli: dal libro di Carlo Levi al film di Francesco Rosi<\/a><\/p>\n<p style=\"text-align: center;\"><a href=\"http:\/\/www.zoomma.news\/piero-tosi-in-mostra-a-roma-gli-esercizi-sulla-bellezza-del-maestro-del-costume\/\" target=\"_blank\" rel=\"noopener noreferrer\">Piero Tosi: esercizi sulla bellezza al Palazzo delle Esposizioni di Roma<\/a><\/p>\n<p style=\"text-align: center;\"><a href=\"http:\/\/www.zoomma.news\/giancarlo-siani-in-ricordo-del-cronista-napoletano-ucciso-trentatre-anni-fa-dalla-camorra\/\" target=\"_blank\" rel=\"noopener noreferrer\">Giancarlo Siani, in ricordo del cronista ucciso dalla camorra&nbsp;<\/a><\/p>\n<p style=\"text-align: center;\"><a href=\"http:\/\/www.zoomma.news\/primo-memorial-dedicato-a-folco-quilici-nella-sua-ferrara-successo-per-la-proiezione-di-oceano\/\" target=\"_blank\" rel=\"noopener noreferrer\">Primo memorial Folco Quilici a Ferrara<\/a><\/p>\n<p style=\"text-align: center;\"><a href=\"http:\/\/www.zoomma.news\/folco-quilici-testo-originale-sceneggiatura-san-marino\/\" target=\"_blank\" rel=\"noopener noreferrer\">Sceneggiatura originale di Folco Quilici su San Marino conservata a Roma<\/a><\/p>\n<p style=\"text-align: center;\"><a href=\"http:\/\/www.zoomma.news\/centro-sperimentale-di-cinematografia-di-roma-porte-aperte-ai-nuovi-talenti-del-futuro\/\" target=\"_blank\" rel=\"noopener noreferrer\">Open Day CSC Roma 2018<\/a><\/p>\n<p style=\"text-align: center;\"><a href=\"http:\/\/www.zoomma.news\/sostiene-pereira-letteratura-e-il-cinema-inseguono-limpegno-politico-e-civile\/\" target=\"_blank\" rel=\"noopener noreferrer\">Film e romanzo &#8220;Sostiene Pereira&#8221;<\/a><\/p>\n<p style=\"text-align: center;\"><a href=\"http:\/\/www.zoomma.news\/bloodsport-trentanni-usciva-nelle-sale-uno-dei-capolavori-jean-claude-van-damme\/\" target=\"_blank\" rel=\"noopener noreferrer\">&#8220;Senza esclusione di colpi&#8221; con JCVD<\/a><\/p>\n<p style=\"text-align: center;\"><a href=\"http:\/\/www.zoomma.news\/delle-ultime-sere-carnevale-limpegno-civile-del-teatro-goldoni-riproposto-dal-regista-squarzina\/\" target=\"_blank\" rel=\"noopener noreferrer\">&#8220;Una delle ultime sere di Carnevale&#8221; di Carlo Goldoni<\/a><\/p>\n<p style=\"text-align: center;\"><a href=\"http:\/\/www.zoomma.news\/le-mani-sulla-citta-francesco-rosi-un-film-sempre-attuale-sul-malaffare-politico\/\" target=\"_blank\" rel=\"noopener noreferrer\">&#8220;Le mani sulla citt\u00e0&#8221; di Francesco Rosi<\/a><\/p>\n<p style=\"text-align: center;\"><a href=\"http:\/\/www.zoomma.news\/risate-capodanno-allitaliana-toto-fantozzi-ai-cinepanettoni\/\" target=\"_blank\" rel=\"noopener noreferrer\">Risate di capodanno all&#8217;italiana<\/a><\/p>\n<p style=\"text-align: center;\"><a href=\"http:\/\/www.zoomma.news\/sacco-vanzetti\/\" target=\"_blank\" rel=\"noopener noreferrer\">&#8220;Sacco e Vanzetti&#8221; del 1971<\/a><\/p>\n<p style=\"text-align: center;\"><a href=\"http:\/\/www.zoomma.news\/ragazzi-dello-zoo-berlino-ricordi-pensieri-thomas-haustein\/\" target=\"_blank\" rel=\"noopener noreferrer\">Intervista a Thomas Haustein del film &#8220;Noi, i ragazzi dello Zoo di Berlino&#8221;<\/a><\/p>\n<hr>\n<p style=\"text-align: center;\"><strong>Quotidiano Abitare a Roma<\/strong><br \/>\n<strong>(mostre d&#8217;arte ed eventi culturali)<\/strong><\/p>\n<p style=\"text-align: center;\"><a href=\"http:\/\/www.abitarearoma.net\/henri-cartier-bresson-locchio-900-retrospettiva-allara-pacis\/#.Va-nzIusUZM\" target=\"_blank\" rel=\"noopener noreferrer\">Mostra Henri Cartier-Bresson all&#8217;Ara Pacis<\/a><\/p>\n<p style=\"text-align: center;\"><a href=\"http:\/\/www.abitarearoma.net\/lorto-botanico-roma-meraviglia-natura-nel-cuore-citta\/#.Va-nu4usUZM\" target=\"_blank\" rel=\"noopener noreferrer\">Alla scoperta dell&#8217;Orto Botanico di Roma<\/a><\/p>\n<p style=\"text-align: center;\"><a href=\"http:\/\/www.abitarearoma.net\/culto-mitra-iside-rivive-museo-delle-terme-diocleziano\/#.Va-nqousUZM\" target=\"_blank\" rel=\"noopener noreferrer\">Mostra sul Mitraismo alle Terme di Diocleziano<\/a><\/p>\n<p style=\"text-align: center;\"><a href=\"http:\/\/www.abitarearoma.net\/rudi-wach-larte-ricercare-lanima-umana-in-mostra-mercati-traiano-porta-delle-mani\/#.Va-nlousUZM\" target=\"_blank\" rel=\"noopener noreferrer\">Mostra Rudi Wach ai Mercati di Traiano<\/a><\/p>\n<p style=\"text-align: center;\"><a href=\"http:\/\/www.abitarearoma.net\/francesco-messina-lelogio-bellezza-gli-scavi-ostia-antica\/#.Va-nf4usUZM\" target=\"_blank\" rel=\"noopener noreferrer\">Mostra Francesco Messina a Ostia Antica<\/a><\/p>\n<p style=\"text-align: center;\"><a href=\"http:\/\/www.abitarearoma.net\/museo-nazionale-darte-orientale-nuove-sale-per-donazione-duemila-reperti-asiatici\/\" target=\"_blank\" rel=\"noopener noreferrer\">Nuove esposizioni al Museo Nazionale d&#8217;Arte Orientale di Roma<\/a><\/p>\n<p style=\"text-align: center;\"><a href=\"https:\/\/abitarearoma.it\/momenti-doriente-lessenza-millenaria-cina-antichi-riti-campane-tibetane\/\" target=\"_blank\" rel=\"noopener noreferrer\">&#8220;Momenti d&#8217;Oriente&#8221;: l&#8217;essenza della millenaria Cina tra antichi riti e campane tibetane<\/a><\/p>\n<div class=\"fcbkbttn_buttons_block\" id=\"fcbkbttn_left\"><div class=\"fb-share-button fcbkbttn_large_button \" data-href=\"https:\/\/www.ilventonews.it\/wordpress\/articoli\/\" data-type=\"button_count\" data-size=\"large\"><\/div><\/div>","protected":false},"excerpt":{"rendered":"<p>Avanti Online Con la schiena dritta, il ricordo di Giancarlo Siani San Marino, Italia e UE: amicizia, sovranit\u00e0 e cooperazione Libert\u00e0 di stampa; l&#8217;Italia non \u00e8 un Paese per giornalisti Socialismo negli anni &#8217;80 e quel Kim Il Sung che apprezzava il PSI 1977: quando PSI e PSOE s&#8217;incontrarono al Festival dell&#8217;Avanti a Venezia Socialismo [&hellip;]<\/p>\n","protected":false},"author":1,"featured_media":0,"parent":0,"menu_order":0,"comment_status":"closed","ping_status":"closed","template":"","meta":{"ngg_post_thumbnail":0,"footnotes":""},"class_list":["post-457","page","type-page","status-publish","hentry"],"yoast_head":"<!-- This site is optimized with the Yoast SEO plugin v28.2 - https:\/\/yoast.com\/product\/yoast-seo-wordpress\/ -->\n<title>Collaborazioni del giornalista Simone Sperduto con testate web<\/title>\n<meta name=\"description\" content=\"Collaborazioni del giornalista Simone Sperduto con testate web e agenzie stampa: cinema, cultura, arte, attualit\u00e0 ma anche politica.\" \/>\n<meta name=\"robots\" content=\"index, follow, max-snippet:-1, max-image-preview:large, max-video-preview:-1\" \/>\n<link rel=\"canonical\" href=\"https:\/\/www.ilventonews.it\/wordpress\/articoli\/\" \/>\n<meta property=\"og:locale\" content=\"it_IT\" \/>\n<meta property=\"og:type\" content=\"article\" \/>\n<meta property=\"og:title\" content=\"Collaborazioni del giornalista Simone Sperduto con testate web\" \/>\n<meta property=\"og:description\" content=\"Collaborazioni del giornalista Simone Sperduto con testate web e agenzie stampa: cinema, cultura, arte, attualit\u00e0 ma anche politica.\" \/>\n<meta property=\"og:url\" content=\"https:\/\/www.ilventonews.it\/wordpress\/articoli\/\" \/>\n<meta property=\"og:site_name\" content=\"Simone Sperduto\" \/>\n<meta property=\"article:publisher\" content=\"https:\/\/www.facebook.com\/ilventonews\/\" \/>\n<meta property=\"article:modified_time\" content=\"2026-08-05T19:53:56+00:00\" \/>\n<meta name=\"twitter:label1\" content=\"Tempo di lettura stimato\" \/>\n\t<meta name=\"twitter:data1\" content=\"5 minuti\" \/>\n<script type=\"application\/ld+json\" class=\"yoast-schema-graph\">{\"@context\":\"https:\\\/\\\/schema.org\",\"@graph\":[{\"@type\":\"WebPage\",\"@id\":\"https:\\\/\\\/www.ilventonews.it\\\/wordpress\\\/articoli\\\/\",\"url\":\"https:\\\/\\\/www.ilventonews.it\\\/wordpress\\\/articoli\\\/\",\"name\":\"Collaborazioni del giornalista Simone Sperduto con testate web\",\"isPartOf\":{\"@id\":\"https:\\\/\\\/www.ilventonews.it\\\/wordpress\\\/#website\"},\"datePublished\":\"2017-07-28T21:48:50+00:00\",\"dateModified\":\"2026-08-05T19:53:56+00:00\",\"description\":\"Collaborazioni del giornalista Simone Sperduto con testate web e agenzie stampa: cinema, cultura, arte, attualit\u00e0 ma anche politica.\",\"breadcrumb\":{\"@id\":\"https:\\\/\\\/www.ilventonews.it\\\/wordpress\\\/articoli\\\/#breadcrumb\"},\"inLanguage\":\"it-IT\",\"potentialAction\":[{\"@type\":\"ReadAction\",\"target\":[\"https:\\\/\\\/www.ilventonews.it\\\/wordpress\\\/articoli\\\/\"]}]},{\"@type\":\"BreadcrumbList\",\"@id\":\"https:\\\/\\\/www.ilventonews.it\\\/wordpress\\\/articoli\\\/#breadcrumb\",\"itemListElement\":[{\"@type\":\"ListItem\",\"position\":1,\"name\":\"Home\",\"item\":\"https:\\\/\\\/www.ilventonews.it\\\/wordpress\\\/\"},{\"@type\":\"ListItem\",\"position\":2,\"name\":\"Compilation Migliori Articoli\"}]},{\"@type\":\"WebSite\",\"@id\":\"https:\\\/\\\/www.ilventonews.it\\\/wordpress\\\/#website\",\"url\":\"https:\\\/\\\/www.ilventonews.it\\\/wordpress\\\/\",\"name\":\"Simone Sperduto\",\"description\":\"giornalista e scrittore\",\"potentialAction\":[{\"@type\":\"SearchAction\",\"target\":{\"@type\":\"EntryPoint\",\"urlTemplate\":\"https:\\\/\\\/www.ilventonews.it\\\/wordpress\\\/?s={search_term_string}\"},\"query-input\":{\"@type\":\"PropertyValueSpecification\",\"valueRequired\":true,\"valueName\":\"search_term_string\"}}],\"inLanguage\":\"it-IT\"}]}<\/script>\n<!-- \/ Yoast SEO plugin. -->","yoast_head_json":{"title":"Collaborazioni del giornalista Simone Sperduto con testate web","description":"Collaborazioni del giornalista Simone Sperduto con testate web e agenzie stampa: cinema, cultura, arte, attualit\u00e0 ma anche politica.","robots":{"index":"index","follow":"follow","max-snippet":"max-snippet:-1","max-image-preview":"max-image-preview:large","max-video-preview":"max-video-preview:-1"},"canonical":"https:\/\/www.ilventonews.it\/wordpress\/articoli\/","og_locale":"it_IT","og_type":"article","og_title":"Collaborazioni del giornalista Simone Sperduto con testate web","og_description":"Collaborazioni del giornalista Simone Sperduto con testate web e agenzie stampa: cinema, cultura, arte, attualit\u00e0 ma anche politica.","og_url":"https:\/\/www.ilventonews.it\/wordpress\/articoli\/","og_site_name":"Simone Sperduto","article_publisher":"https:\/\/www.facebook.com\/ilventonews\/","article_modified_time":"2026-08-05T19:53:56+00:00","twitter_misc":{"Tempo di lettura stimato":"5 minuti"},"schema":{"@context":"https:\/\/schema.org","@graph":[{"@type":"WebPage","@id":"https:\/\/www.ilventonews.it\/wordpress\/articoli\/","url":"https:\/\/www.ilventonews.it\/wordpress\/articoli\/","name":"Collaborazioni del giornalista Simone Sperduto con testate web","isPartOf":{"@id":"https:\/\/www.ilventonews.it\/wordpress\/#website"},"datePublished":"2017-07-28T21:48:50+00:00","dateModified":"2026-08-05T19:53:56+00:00","description":"Collaborazioni del giornalista Simone Sperduto con testate web e agenzie stampa: cinema, cultura, arte, attualit\u00e0 ma anche politica.","breadcrumb":{"@id":"https:\/\/www.ilventonews.it\/wordpress\/articoli\/#breadcrumb"},"inLanguage":"it-IT","potentialAction":[{"@type":"ReadAction","target":["https:\/\/www.ilventonews.it\/wordpress\/articoli\/"]}]},{"@type":"BreadcrumbList","@id":"https:\/\/www.ilventonews.it\/wordpress\/articoli\/#breadcrumb","itemListElement":[{"@type":"ListItem","position":1,"name":"Home","item":"https:\/\/www.ilventonews.it\/wordpress\/"},{"@type":"ListItem","position":2,"name":"Compilation Migliori Articoli"}]},{"@type":"WebSite","@id":"https:\/\/www.ilventonews.it\/wordpress\/#website","url":"https:\/\/www.ilventonews.it\/wordpress\/","name":"Simone Sperduto","description":"giornalista e scrittore","potentialAction":[{"@type":"SearchAction","target":{"@type":"EntryPoint","urlTemplate":"https:\/\/www.ilventonews.it\/wordpress\/?s={search_term_string}"},"query-input":{"@type":"PropertyValueSpecification","valueRequired":true,"valueName":"search_term_string"}}],"inLanguage":"it-IT"}]}},"_links":{"self":[{"href":"https:\/\/www.ilventonews.it\/wordpress\/wp-json\/wp\/v2\/pages\/457","targetHints":{"allow":["GET"]}}],"collection":[{"href":"https:\/\/www.ilventonews.it\/wordpress\/wp-json\/wp\/v2\/pages"}],"about":[{"href":"https:\/\/www.ilventonews.it\/wordpress\/wp-json\/wp\/v2\/types\/page"}],"author":[{"embeddable":true,"href":"https:\/\/www.ilventonews.it\/wordpress\/wp-json\/wp\/v2\/users\/1"}],"replies":[{"embeddable":true,"href":"https:\/\/www.ilventonews.it\/wordpress\/wp-json\/wp\/v2\/comments?post=457"}],"version-history":[{"count":222,"href":"https:\/\/www.ilventonews.it\/wordpress\/wp-json\/wp\/v2\/pages\/457\/revisions"}],"predecessor-version":[{"id":1781,"href":"https:\/\/www.ilventonews.it\/wordpress\/wp-json\/wp\/v2\/pages\/457\/revisions\/1781"}],"wp:attachment":[{"href":"https:\/\/www.ilventonews.it\/wordpress\/wp-json\/wp\/v2\/media?parent=457"}],"curies":[{"name":"wp","href":"https:\/\/api.w.org\/{rel}","templated":true}]}}